{"id":9455,"date":"2023-02-07T14:36:29","date_gmt":"2023-02-07T13:36:29","guid":{"rendered":"https:\/\/www.miamedicalitalia.it\/?post_type=product&#038;p=9455"},"modified":"2026-03-26T14:13:07","modified_gmt":"2026-03-26T12:13:07","slug":"elettrostimolatore-e-magnetoterapia","status":"publish","type":"product","link":"https:\/\/www.miamedicalitalia.it\/fr\/produit\/elettrostimolatore-e-magnetoterapia\/","title":{"rendered":"Louer un \u00e9lectrostimulateur TENS + magn\u00e9toth\u00e9rapie"},"content":{"rendered":"<p><strong>La solution compl\u00e8te pour le traitement de la douleur et la r\u00e9\u00e9ducation \u00e0 domicile<\/strong><\/p>\n\n\n\n<p>Les&nbsp;<strong>location combin\u00e9e \u00e9lectrostimulateur TENS + magn\u00e9toth\u00e9rapie PEMF<\/strong>&nbsp;est une solution professionnelle, efficace et flexible pour ceux qui ont besoin de traitements de physioth\u00e9rapie \u00e0 domicile, de r\u00e9\u00e9ducation post-traumatique et de contr\u00f4le des douleurs musculaires et articulaires.<\/p>\n\n\n\n<p>Questa combinazione permette di intervenire su pi\u00f9 livelli terapeutici, da un lato il&nbsp;<strong>traitement des antalgiques par stimulation nerveuse<\/strong>, dall\u2019altro la&nbsp;<strong>stimulation des processus de r\u00e9g\u00e9n\u00e9ration des tissus biologiques<\/strong>, favorendo un recupero pi\u00f9 rapido e completo.<\/p>\n\n\n\n<p>Il tutto senza l\u2019acquisto di dispositivi costosi e con la possibilit\u00e0 di proseguire la terapia per tutto il tempo realmente necessario.<\/p>\n\n\n\n<h2 class=\"wp-block-heading\" id=\"h-a-chi-e-indicato-il-noleggio-combinato-tens-elettrostimolatore-magnetoterapia-cemp\"><strong>A chi \u00e8 indicato il noleggio combinato TENS Elettrostimolatore + Magnetoterapia CEMP<\/strong><\/h2>\n\n\n\n<p>Il pacchetto \u00e8 indicato per pazienti che presentano:<\/p>\n\n\n\n<ul class=\"wp-block-list\">\n<li>douleurs musculaires ou articulaires aigu\u00ebs ou chroniques<\/li>\n\n\n\n<li>inflammations persistantes<\/li>\n\n\n\n<li>rigidit\u00e0 muscolare<\/li>\n\n\n\n<li>pathologies ost\u00e9o-articulaires<\/li>\n\n\n\n<li>r\u00e9sultats post-traumatiques<\/li>\n\n\n\n<li>r\u00e9cup\u00e9ration post-op\u00e9ratoire<\/li>\n\n\n\n<li>les maladies d\u00e9g\u00e9n\u00e9ratives<\/li>\n<\/ul>\n\n\n\n<p>La combinazione \u00e8 adatta sia a pazienti privati sia a fisioterapisti, studi riabilitativi e professionisti sanitari.<\/p>\n\n\n\n<h3 class=\"wp-block-heading\" id=\"h-in-cosa-consiste-il-noleggio-combinato-tens-elettrostimolatore-magnetoterapia-cemp\"><strong>En quoi consiste la location combin\u00e9e d'un \u00e9lectrostimulateur TENS et d'une magn\u00e9toth\u00e9rapie PEMF ?<\/strong><\/h3>\n\n\n\n<p>L'ensemble comprend deux appareils \u00e9lectrom\u00e9dicaux professionnels utilis\u00e9s quotidiennement en r\u00e9\u00e9ducation.<\/p>\n\n\n\n<h4 class=\"wp-block-heading\" id=\"h-magnetoterapia-cemp-biocompatibile\"><strong><a href=\"https:\/\/www.miamedicalitalia.it\/fr\/categoria\/affitto-e-noleggio-ausili\/affitto-noleggio-magnetoterapia-cemp\/\">Magn\u00e9toth\u00e9rapie PEMF biocompatible<\/a><\/strong><\/h4>\n\n\n\n<p>La magnetoterapia CEMP (Campi ElettroMagnetici Pulsati) \u00e8 una terapia fisica che sfrutta campi magnetici a bassa frequenza per stimolare i naturali processi di rigenerazione dell\u2019organismo.<\/p>\n\n\n\n<p><strong>B\u00e9n\u00e9fices cliniques de la magn\u00e9toth\u00e9rapie<\/strong><\/p>\n\n\n\n<ul class=\"wp-block-list\">\n<li>riduzione dell\u2019infiammazione<\/li>\n\n\n\n<li>stimulation de la r\u00e9g\u00e9n\u00e9ration osseuse<\/li>\n\n\n\n<li>am\u00e9lioration du trophisme des tissus<\/li>\n\n\n\n<li>r\u00e9duction de la douleur<\/li>\n\n\n\n<li>l'acc\u00e9l\u00e9ration des d\u00e9lais de r\u00e9cup\u00e9ration<\/li>\n<\/ul>\n\n\n\n<p>\u00c8 particolarmente indicata in caso di:<\/p>\n\n\n\n<ul class=\"wp-block-list\">\n<li>fractures<\/li>\n\n\n\n<li>des retards dans la consolidation osseuse<\/li>\n\n\n\n<li>arthrose<\/li>\n\n\n\n<li>inflammations chroniques<\/li>\n\n\n\n<li>oedemas<\/li>\n\n\n\n<li>les pathologies musculo-squelettiques<\/li>\n<\/ul>\n\n\n\n<p><strong>Contre-indications de la magn\u00e9toth\u00e9rapie<\/strong><\/p>\n\n\n\n<p>La magnetoterapia \u00e8 generalmente ben tollerata, ma \u00e8 controindicata in presenza di:<\/p>\n\n\n\n<ul class=\"wp-block-list\">\n<li>stimulateurs cardiaques ou dispositifs \u00e9lectroniques implant\u00e9s<\/li>\n\n\n\n<li>pathologies tumorales actives<\/li>\n\n\n\n<li>la grossesse (par pr\u00e9caution)<\/li>\n<\/ul>\n\n\n\n<p>\u00c8 sempre necessario attenersi alle indicazioni del medico e al manuale del dispositivo.<\/p>\n\n\n\n<h4 class=\"wp-block-heading\" id=\"h-tens-elettrostimolazione-nervosa-transcutanea\"><strong><a href=\"https:\/\/www.miamedicalitalia.it\/fr\/categoria\/affitto-e-noleggio-ausili\/noleggio-tens-elettrostimolatore-a-domicilio\/\">TENS : stimulation nerveuse transcutan\u00e9e<\/a><\/strong><\/h4>\n\n\n\n<p>La TENS \u00e8 una terapia antalgica non invasiva che utilizza impulsi elettrici a bassa intensit\u00e0 applicati tramite elettrodi adesivi posizionati sulla cute. Gli impulsi vengono percepiti come una lieve sensazione di formicolio, assolutamente indolore.<\/p>\n\n\n\n<p><strong>Comment fonctionne le TENS<\/strong><\/p>\n\n\n\n<p>Le stimulateur permet la modulation :<\/p>\n\n\n\n<ul class=\"wp-block-list\">\n<li>frequenza dell\u2019impulso<\/li>\n\n\n\n<li>largeur<\/li>\n\n\n\n<li>intensit\u00e0<\/li>\n<\/ul>\n\n\n\n<p>Impulsions \u00e9lectriques :<\/p>\n\n\n\n<ul class=\"wp-block-list\">\n<li>interf\u00e9rer avec la transmission de la douleur au syst\u00e8me nerveux central<\/li>\n\n\n\n<li>stimuler la lib\u00e9ration d'endorphines<\/li>\n\n\n\n<li>ils augmentent le seuil de la douleur<\/li>\n\n\n\n<li>r\u00e9duire les spasmes et les contractures musculaires<\/li>\n<\/ul>\n\n\n\n<p><strong>Avantages de la th\u00e9rapie TENS<\/strong><\/p>\n\n\n\n<ul class=\"wp-block-list\">\n<li>r\u00e9duction de la douleur aigu\u00eb et chronique<\/li>\n\n\n\n<li>effet analg\u00e9sique naturel<\/li>\n\n\n\n<li>relaxation musculaire<\/li>\n\n\n\n<li>miglioramento della qualit\u00e0 della vita<\/li>\n\n\n\n<li>possibilit\u00e0 di utilizzo quotidiano<\/li>\n<\/ul>\n\n\n\n<p>\u00c8 particolarmente indicata per:<\/p>\n\n\n\n<ul class=\"wp-block-list\">\n<li>cervicalgie<\/li>\n\n\n\n<li>douleurs lombaires<\/li>\n\n\n\n<li>douleur musculaire<\/li>\n\n\n\n<li>douleur articulaire<\/li>\n\n\n\n<li>les syndromes de douleur chronique<\/li>\n<\/ul>\n\n\n\n<p><strong>Contre-indications de la TENS<\/strong><\/p>\n\n\n\n<p>TENS ne doit pas \u00eatre utilis\u00e9 en pr\u00e9sence de :<\/p>\n\n\n\n<ul class=\"wp-block-list\">\n<li>stimulateurs cardiaques ou dispositifs \u00e9lectriques implant\u00e9s<\/li>\n\n\n\n<li>\u00e9pilepsie<\/li>\n\n\n\n<li>troubles du rythme cardiaque<\/li>\n\n\n\n<li>tumeurs malignes<\/li>\n\n\n\n<li>les maladies cutan\u00e9es graves<\/li>\n\n\n\n<li>grossesse (\u00e0 utiliser avec pr\u00e9caution)<\/li>\n<\/ul>\n\n\n\n<p>\u00c8 fondamentale utilizzare la TENS solo dopo valutazione medica o fisioterapica.<\/p>\n\n\n\n<p><strong>Effets secondaires possibles<\/strong><\/p>\n\n\n\n<p>Les effets secondaires sont g\u00e9n\u00e9ralement l\u00e9gers et peu fr\u00e9quents :<\/p>\n\n\n\n<ul class=\"wp-block-list\">\n<li>rougeur de la peau<\/li>\n\n\n\n<li>irritations des \u00e9lectrodes<\/li>\n<\/ul>\n\n\n\n<p>Des sensations d\u00e9sagr\u00e9ables ou un l\u00e9ger inconfort peuvent appara\u00eetre rarement, g\u00e9n\u00e9ralement r\u00e9versibles avec le r\u00e9glage correct des param\u00e8tres.<\/p>\n\n\n\n<h3 class=\"wp-block-heading\" id=\"h-perche-scegliere-il-noleggio-combinato-di-tens-e-magnetoterapia\"><strong>Perch\u00e9 scegliere il noleggio combinato di TENS e MAGNETOTERAPIA<\/strong><\/h3>\n\n\n\n<p>La location de magn\u00e9toth\u00e9rapie TENS et PEMF permet :<\/p>\n\n\n\n<ul class=\"wp-block-list\">\n<li>r\u00e9duire la douleur de mani\u00e8re naturelle et non invasive<\/li>\n\n\n\n<li>acc\u00e9l\u00e9rer le r\u00e9tablissement post-traumatique<\/li>\n\n\n\n<li>l'ex\u00e9cution de th\u00e9rapies professionnelles \u00e0 domicile<\/li>\n\n\n\n<li>evitare l\u2019acquisto di dispositivi costosi<\/li>\n\n\n\n<li>adapter la dur\u00e9e aux besoins cliniques r\u00e9els<\/li>\n<\/ul>\n\n\n\n<p>\u00c8 una soluzione ideale sia per utilizzo privato sia professionale.<\/p>\n\n\n\n<h4 class=\"wp-block-heading\" id=\"h-consegna-montaggio-e-ritiro\"><strong>Livraison, montage et collecte<\/strong><\/h4>\n\n\n\n<ul class=\"wp-block-list\">\n<li>Livraison gratuite dans toute l'Italie pour les locations \u00e0 partir de 30 jours<\/li>\n\n\n\n<li>Consegna a domicilio in tutta Italia a partire da 15 \u20ac + 15 \u20ac per il ritiro<\/li>\n\n\n\n<li>Aucun d\u00e9p\u00f4t n'est requis<\/li>\n\n\n\n<li>Livraison et enl\u00e8vement gratuits&nbsp;<\/li>\n<\/ul>\n\n\n\n<p>La consegna viene effettuata entro 48 ore dalla chiamata, salvo diversa disponibilit\u00e0.<\/p>\n\n\n\n<p><strong>Formation et assistance<\/strong><\/p>\n\n\n\n<p>La location s'accompagne<\/p>\n\n\n\n<ul class=\"wp-block-list\">\n<li>istruzioni complete all\u2019utilizzo<\/li>\n\n\n\n<li>indications th\u00e9rapeutiques de base<\/li>\n\n\n\n<li>une assistance technique continue<\/li>\n<\/ul>\n\n\n\n<p>Il paziente pu\u00f2 svolgere la terapia in modo sicuro, efficace e confortevole direttamente a casa.<\/p>\n\n\n\n<h3 class=\"wp-block-heading\" id=\"h-perche-scegliere-mia-medical-italia\"><strong>Pourquoi choisir Mia Medical Italia ?<\/strong><\/h3>\n\n\n\n<ul class=\"wp-block-list\">\n<li>appareils \u00e9lectrom\u00e9dicaux professionnels certifi\u00e9s<\/li>\n\n\n\n<li>des techniciens experts et des conseils personnalis\u00e9s<\/li>\n\n\n\n<li>livraison rapide dans toute l'Italie<\/li>\n\n\n\n<li>des prix transparents<\/li>\n\n\n\n<li>pas de caution<\/li>\n\n\n\n<li>une assistance continue pendant la location<\/li>\n<\/ul>\n\n\n\n<p>Choisir Mia Medical Italia, c'est s'appuyer sur un partenaire comp\u00e9tent en mati\u00e8re de physioth\u00e9rapie et de r\u00e9\u00e9ducation \u00e0 domicile.<\/p>\n\n\n\n<p id=\"h-\">Per informazioni, disponibilit\u00e0 e consulenza personalizzata puoi contattarci telefonicamente al\u00a0<strong><a href=\"https:\/\/wa.me\/393926509237\">+ 39 392 6509237<\/a><\/strong>\u00a0oppure scriverci su WhatsApp. Il nostro personale specializzato \u00e8 sempre a disposizione per aiutarti a individuare la soluzione pi\u00f9 adatta alle tue esigenze.<\/p>","protected":false},"excerpt":{"rendered":"<div style=\"font-family: Arial, sans-serif; background-color: #234091; padding: 30px; border-radius: 25px; max-width: 600px; color: #ffffff; position: relative; border-top: 6px solid #2498fe;\">\n<h3 style=\"color: #ffffff; margin-top: 0;\">Location de l'\u00e9lectrostimulateur Tens combin\u00e9 \u00e0 la magn\u00e9toth\u00e9rapie bio-compatible Cemp<\/h3>\n<p><strong>Livraison gratuite pour les locations de 30 jours, dans toute l'Italie !<br \/>Per noleggi di durata minore onsegna a domicilio in tutta Italia a partire da 15\u20ac + 15\u20ac per il ritiro.<\/strong><\/p>\n<p>N'oubliez pas d'acheter \u00e9galement les \u00e9lectrodes, n\u00e9cessaires \u00e0 l'utilisation de l'\u00e9lectrostimulateur Tens.<\/p>\n<p><strong>Aucun d\u00e9p\u00f4t n'est requis !<\/strong><\/p>\n<\/div>\n<p><!-- Linea bianca sotto --><\/p>\n<div style=\"height: 6px; background-color: #ffffff; max-width: 600px;\">\u00a0<\/div>","protected":false},"featured_media":12454,"template":"","meta":{"_acf_changed":true},"home-category":[262],"product_brand":[],"product_cat":[260,224,275],"product_tag":[],"woo-feed-brand":[],"class_list":{"0":"post-9455","1":"product","2":"type-product","3":"status-publish","4":"has-post-thumbnail","6":"home-category-elettromedicali","7":"product_cat-affitto-e-noleggio-ausili","8":"product_cat-affitto-noleggio-magnetoterapia-cemp","9":"product_cat-noleggio-tens-elettrostimolatore-a-domicilio","10":"product_shipping_class-elettromedicali","11":"wcpa_has_options","13":"first","14":"instock","15":"shipping-taxable","16":"purchasable","17":"product-type-variable"},"acf":[],"yoast_head":"<!-- This site is optimized with the Yoast SEO Premium plugin v27.5 (Yoast SEO v27.5) - https:\/\/yoast.com\/product\/yoast-seo-premium-wordpress\/ -->\n<title>Noleggio Tens e Magnetoterapia Cemp<\/title>\n<meta name=\"description\" content=\"Noleggio Tens e magnetoterapia Cemp per fisioterapia post traumatica, dolori muscolari e recupero veloce. Chiama 3926509237\" \/>\n<meta name=\"robots\" content=\"index, follow, max-snippet:-1, max-image-preview:large, max-video-preview:-1\" \/>\n<link rel=\"canonical\" href=\"https:\/\/www.miamedicalitalia.it\/fr\/produit\/elettrostimolatore-e-magnetoterapia\/\" \/>\n<meta property=\"og:locale\" content=\"fr_FR\" \/>\n<meta property=\"og:type\" content=\"article\" \/>\n<meta property=\"og:title\" content=\"Noleggio Tens e Magnetoterapia Cemp\" \/>\n<meta property=\"og:description\" content=\"Noleggio Tens e magnetoterapia Cemp per fisioterapia post traumatica, dolori muscolari e recupero veloce. Chiama 3926509237\" \/>\n<meta property=\"og:url\" content=\"https:\/\/www.miamedicalitalia.it\/fr\/produit\/elettrostimolatore-e-magnetoterapia\/\" \/>\n<meta property=\"og:site_name\" content=\"Mia Medical\" \/>\n<meta property=\"article:publisher\" content=\"https:\/\/www.facebook.com\/miamedicalitalia\" \/>\n<meta property=\"article:modified_time\" content=\"2026-03-26T12:13:07+00:00\" \/>\n<meta property=\"og:image\" content=\"https:\/\/www.miamedicalitalia.it\/wp-content\/uploads\/2023\/02\/combo-magneto-tens-.jpg\" \/>\n\t<meta property=\"og:image:width\" content=\"1000\" \/>\n\t<meta property=\"og:image:height\" content=\"1000\" \/>\n\t<meta property=\"og:image:type\" content=\"image\/jpeg\" \/>\n<meta name=\"twitter:card\" content=\"summary_large_image\" \/>\n<meta name=\"twitter:label1\" content=\"Dur\u00e9e de lecture estim\u00e9e\" \/>\n\t<meta name=\"twitter:data1\" content=\"1 minute\" \/>\n<script type=\"application\/ld+json\" class=\"yoast-schema-graph\">{\"@context\":\"https:\\\/\\\/schema.org\",\"@graph\":[{\"@type\":\"WebPage\",\"@id\":\"https:\\\/\\\/www.miamedicalitalia.it\\\/prodotto\\\/elettrostimolatore-e-magnetoterapia\\\/\",\"url\":\"https:\\\/\\\/www.miamedicalitalia.it\\\/prodotto\\\/elettrostimolatore-e-magnetoterapia\\\/\",\"name\":\"Noleggio Tens e Magnetoterapia Cemp\",\"isPartOf\":{\"@id\":\"https:\\\/\\\/www.miamedicalitalia.it\\\/#website\"},\"primaryImageOfPage\":{\"@id\":\"https:\\\/\\\/www.miamedicalitalia.it\\\/prodotto\\\/elettrostimolatore-e-magnetoterapia\\\/#primaryimage\"},\"image\":{\"@id\":\"https:\\\/\\\/www.miamedicalitalia.it\\\/prodotto\\\/elettrostimolatore-e-magnetoterapia\\\/#primaryimage\"},\"thumbnailUrl\":\"https:\\\/\\\/www.miamedicalitalia.it\\\/wp-content\\\/uploads\\\/2023\\\/02\\\/combo-magneto-tens-.jpg\",\"datePublished\":\"2023-02-07T13:36:29+00:00\",\"dateModified\":\"2026-03-26T12:13:07+00:00\",\"description\":\"Noleggio Tens e magnetoterapia Cemp per fisioterapia post traumatica, dolori muscolari e recupero veloce. Chiama 3926509237\",\"breadcrumb\":{\"@id\":\"https:\\\/\\\/www.miamedicalitalia.it\\\/prodotto\\\/elettrostimolatore-e-magnetoterapia\\\/#breadcrumb\"},\"inLanguage\":\"fr-FR\",\"potentialAction\":[{\"@type\":\"ReadAction\",\"target\":[\"https:\\\/\\\/www.miamedicalitalia.it\\\/prodotto\\\/elettrostimolatore-e-magnetoterapia\\\/\"]}]},{\"@type\":\"ImageObject\",\"inLanguage\":\"fr-FR\",\"@id\":\"https:\\\/\\\/www.miamedicalitalia.it\\\/prodotto\\\/elettrostimolatore-e-magnetoterapia\\\/#primaryimage\",\"url\":\"https:\\\/\\\/www.miamedicalitalia.it\\\/wp-content\\\/uploads\\\/2023\\\/02\\\/combo-magneto-tens-.jpg\",\"contentUrl\":\"https:\\\/\\\/www.miamedicalitalia.it\\\/wp-content\\\/uploads\\\/2023\\\/02\\\/combo-magneto-tens-.jpg\",\"width\":1000,\"height\":1000,\"caption\":\"combo magneto + tens\"},{\"@type\":\"BreadcrumbList\",\"@id\":\"https:\\\/\\\/www.miamedicalitalia.it\\\/prodotto\\\/elettrostimolatore-e-magnetoterapia\\\/#breadcrumb\",\"itemListElement\":[{\"@type\":\"ListItem\",\"position\":1,\"name\":\"Home\",\"item\":\"https:\\\/\\\/www.miamedicalitalia.it\\\/\"},{\"@type\":\"ListItem\",\"position\":2,\"name\":\"Shop\",\"item\":\"https:\\\/\\\/www.miamedicalitalia.it\\\/negozio\\\/\"},{\"@type\":\"ListItem\",\"position\":3,\"name\":\"Affitto e noleggio\",\"item\":\"https:\\\/\\\/www.miamedicalitalia.it\\\/categoria\\\/affitto-e-noleggio-ausili\\\/\"},{\"@type\":\"ListItem\",\"position\":4,\"name\":\"Noleggio Elettrostimolatore TENS + Magnetoterapia\"}]},{\"@type\":\"WebSite\",\"@id\":\"https:\\\/\\\/www.miamedicalitalia.it\\\/#website\",\"url\":\"https:\\\/\\\/www.miamedicalitalia.it\\\/\",\"name\":\"www.miamedicalitalia.it\",\"description\":\"Noleggio e Vendita Attrezzatura Sanitarie\",\"publisher\":{\"@id\":\"https:\\\/\\\/www.miamedicalitalia.it\\\/#organization\"},\"potentialAction\":[{\"@type\":\"SearchAction\",\"target\":{\"@type\":\"EntryPoint\",\"urlTemplate\":\"https:\\\/\\\/www.miamedicalitalia.it\\\/?s={search_term_string}\"},\"query-input\":{\"@type\":\"PropertyValueSpecification\",\"valueRequired\":true,\"valueName\":\"search_term_string\"}}],\"inLanguage\":\"fr-FR\"},{\"@type\":\"Organization\",\"@id\":\"https:\\\/\\\/www.miamedicalitalia.it\\\/#organization\",\"name\":\"OLG\",\"url\":\"https:\\\/\\\/www.miamedicalitalia.it\\\/\",\"logo\":{\"@type\":\"ImageObject\",\"inLanguage\":\"fr-FR\",\"@id\":\"https:\\\/\\\/www.miamedicalitalia.it\\\/#\\\/schema\\\/logo\\\/image\\\/\",\"url\":\"https:\\\/\\\/www.miamedicalitalia.it\\\/wp-content\\\/uploads\\\/2023\\\/04\\\/mia-medical-logo-free.png\",\"contentUrl\":\"https:\\\/\\\/www.miamedicalitalia.it\\\/wp-content\\\/uploads\\\/2023\\\/04\\\/mia-medical-logo-free.png\",\"width\":700,\"height\":700,\"caption\":\"OLG\"},\"image\":{\"@id\":\"https:\\\/\\\/www.miamedicalitalia.it\\\/#\\\/schema\\\/logo\\\/image\\\/\"},\"sameAs\":[\"https:\\\/\\\/www.facebook.com\\\/miamedicalitalia\"]}]}<\/script>\n<!-- \/ Yoast SEO Premium plugin. -->","yoast_head_json":{"title":"Noleggio Tens e Magnetoterapia Cemp","description":"Noleggio Tens e magnetoterapia Cemp per fisioterapia post traumatica, dolori muscolari e recupero veloce. Chiama 3926509237","robots":{"index":"index","follow":"follow","max-snippet":"max-snippet:-1","max-image-preview":"max-image-preview:large","max-video-preview":"max-video-preview:-1"},"canonical":"https:\/\/www.miamedicalitalia.it\/fr\/produit\/elettrostimolatore-e-magnetoterapia\/","og_locale":"fr_FR","og_type":"article","og_title":"Noleggio Tens e Magnetoterapia Cemp","og_description":"Noleggio Tens e magnetoterapia Cemp per fisioterapia post traumatica, dolori muscolari e recupero veloce. Chiama 3926509237","og_url":"https:\/\/www.miamedicalitalia.it\/fr\/produit\/elettrostimolatore-e-magnetoterapia\/","og_site_name":"Mia Medical","article_publisher":"https:\/\/www.facebook.com\/miamedicalitalia","article_modified_time":"2026-03-26T12:13:07+00:00","og_image":[{"width":1000,"height":1000,"url":"https:\/\/www.miamedicalitalia.it\/wp-content\/uploads\/2023\/02\/combo-magneto-tens-.jpg","type":"image\/jpeg"}],"twitter_card":"summary_large_image","twitter_misc":{"Dur\u00e9e de lecture estim\u00e9e":"1 minute"},"schema":{"@context":"https:\/\/schema.org","@graph":[{"@type":"WebPage","@id":"https:\/\/www.miamedicalitalia.it\/prodotto\/elettrostimolatore-e-magnetoterapia\/","url":"https:\/\/www.miamedicalitalia.it\/prodotto\/elettrostimolatore-e-magnetoterapia\/","name":"Noleggio Tens e Magnetoterapia Cemp","isPartOf":{"@id":"https:\/\/www.miamedicalitalia.it\/#website"},"primaryImageOfPage":{"@id":"https:\/\/www.miamedicalitalia.it\/prodotto\/elettrostimolatore-e-magnetoterapia\/#primaryimage"},"image":{"@id":"https:\/\/www.miamedicalitalia.it\/prodotto\/elettrostimolatore-e-magnetoterapia\/#primaryimage"},"thumbnailUrl":"https:\/\/www.miamedicalitalia.it\/wp-content\/uploads\/2023\/02\/combo-magneto-tens-.jpg","datePublished":"2023-02-07T13:36:29+00:00","dateModified":"2026-03-26T12:13:07+00:00","description":"Noleggio Tens e magnetoterapia Cemp per fisioterapia post traumatica, dolori muscolari e recupero veloce. Chiama 3926509237","breadcrumb":{"@id":"https:\/\/www.miamedicalitalia.it\/prodotto\/elettrostimolatore-e-magnetoterapia\/#breadcrumb"},"inLanguage":"fr-FR","potentialAction":[{"@type":"ReadAction","target":["https:\/\/www.miamedicalitalia.it\/prodotto\/elettrostimolatore-e-magnetoterapia\/"]}]},{"@type":"ImageObject","inLanguage":"fr-FR","@id":"https:\/\/www.miamedicalitalia.it\/prodotto\/elettrostimolatore-e-magnetoterapia\/#primaryimage","url":"https:\/\/www.miamedicalitalia.it\/wp-content\/uploads\/2023\/02\/combo-magneto-tens-.jpg","contentUrl":"https:\/\/www.miamedicalitalia.it\/wp-content\/uploads\/2023\/02\/combo-magneto-tens-.jpg","width":1000,"height":1000,"caption":"combo magneto + tens"},{"@type":"BreadcrumbList","@id":"https:\/\/www.miamedicalitalia.it\/prodotto\/elettrostimolatore-e-magnetoterapia\/#breadcrumb","itemListElement":[{"@type":"ListItem","position":1,"name":"Home","item":"https:\/\/www.miamedicalitalia.it\/"},{"@type":"ListItem","position":2,"name":"Shop","item":"https:\/\/www.miamedicalitalia.it\/negozio\/"},{"@type":"ListItem","position":3,"name":"Affitto e noleggio","item":"https:\/\/www.miamedicalitalia.it\/categoria\/affitto-e-noleggio-ausili\/"},{"@type":"ListItem","position":4,"name":"Noleggio Elettrostimolatore TENS + Magnetoterapia"}]},{"@type":"WebSite","@id":"https:\/\/www.miamedicalitalia.it\/#website","url":"https:\/\/www.miamedicalitalia.it\/","name":"www.miamedicalitalia.it","description":"Location et vente d'\u00e9quipements sanitaires","publisher":{"@id":"https:\/\/www.miamedicalitalia.it\/#organization"},"potentialAction":[{"@type":"SearchAction","target":{"@type":"EntryPoint","urlTemplate":"https:\/\/www.miamedicalitalia.it\/?s={search_term_string}"},"query-input":{"@type":"PropertyValueSpecification","valueRequired":true,"valueName":"search_term_string"}}],"inLanguage":"fr-FR"},{"@type":"Organization","@id":"https:\/\/www.miamedicalitalia.it\/#organization","name":"OLG","url":"https:\/\/www.miamedicalitalia.it\/","logo":{"@type":"ImageObject","inLanguage":"fr-FR","@id":"https:\/\/www.miamedicalitalia.it\/#\/schema\/logo\/image\/","url":"https:\/\/www.miamedicalitalia.it\/wp-content\/uploads\/2023\/04\/mia-medical-logo-free.png","contentUrl":"https:\/\/www.miamedicalitalia.it\/wp-content\/uploads\/2023\/04\/mia-medical-logo-free.png","width":700,"height":700,"caption":"OLG"},"image":{"@id":"https:\/\/www.miamedicalitalia.it\/#\/schema\/logo\/image\/"},"sameAs":["https:\/\/www.facebook.com\/miamedicalitalia"]}]}},"wcpa_form_fields":{"wcpaData":{"product":{"product_price":118,"price_html":"<span class=\"woocommerce-Price-amount amount\" aria-hidden=\"true\"><bdi><span class=\"woocommerce-Price-currencySymbol\">&euro;<\/span>118.00<\/bdi><\/span> <span aria-hidden=\"true\">\u00a0\u2013\u00a0<\/span> <span class=\"woocommerce-Price-amount amount\" aria-hidden=\"true\"><bdi><span class=\"woocommerce-Price-currencySymbol\">&euro;<\/span>373.00<\/bdi><\/span><span class=\"screen-reader-text\">Plage de prix\u00a0: &euro;118.00 \u00e0 &euro;373.00<\/span>","original_product_price":118,"price_including_tax":118,"price_excluding_tax":118,"product_id":{"parent":9455,"variation":false},"is_variable":true,"stock_status":"instock","stock_quantity":null,"parent_sku":"","product_attributes":{"quanto-costa":{"is_variation":true,"values":[]},"acquista-gli-elettrodi":{"is_variation":true,"values":[]}},"custom_fields":[],"is_taxable":false,"product_name":"Noleggio Elettrostimolatore TENS + Magnetoterapia","hasImage":false},"fields":{"sec_565f165582eb8c":{"extra":{"key":"sec_565f165582eb8c","section_id":"sec_565f165582eb8c","name":"Predefinito","status":1,"toggle":true,"form_id":12050,"form_rules":{"exclude_from_discount":false,"fee_label":"Frais","disp_hide_options_price":false,"disp_show_section_price":false,"disp_show_field_price":true,"layout_option":"standard","pric_use_as_fee":false,"process_fee_as":"woo_fee"},"layout_option":"standard"},"fields":[[{"active":true,"col":6,"relations":false,"cl_rule":"show","enableCl":false,"price":"","enablePrice":false,"className":"input-text","type":"date","required":true,"elementId":"date_3189538061","name":"date_3189538061","label":"A partire dal giorno:","picker_type":"custom","picker_mode":"single","error":false,"description":"Inserisci la data di inizio del noleggio","gt_translate_keys":["label","description"],"price_dependency":false,"cl_dependency":false,"value":""}]]}},"config":{"price_override":"","enable_recaptcha":false,"bind_quantity":false,"quantity_bind_formula":false,"disp_summ_show_option_price":true,"disp_summ_show_product_price":true,"disp_summ_show_total_price":true,"disp_summ_show_fee":false,"disp_summ_show_discount":false,"summary_title":"","options_total_label":"Prix des options","total_label":"Total","options_product_label":"Prix du produit","fee_label":"Frais","discount_label":"Remise","has_price":true,"has_quantity_formula":false},"mc_unit":1,"tax_rate":1,"tax_rate_real":1,"discount":{"percentage":0,"fixed":0},"design":{"conf":{"LabelPosition":"above","DescPosition":"below","UploadField":"custom_1","QuantityFieldStyle":"default"},"css":{"LeftLabelWidth":"50px"}},"formulas":[],"lookuptables":[],"clones":false,"cartKey":false}},"_links":{"self":[{"href":"https:\/\/www.miamedicalitalia.it\/fr\/wp-json\/wp\/v2\/product\/9455","targetHints":{"allow":["GET"]}}],"collection":[{"href":"https:\/\/www.miamedicalitalia.it\/fr\/wp-json\/wp\/v2\/product"}],"about":[{"href":"https:\/\/www.miamedicalitalia.it\/fr\/wp-json\/wp\/v2\/types\/product"}],"wp:featuredmedia":[{"embeddable":true,"href":"https:\/\/www.miamedicalitalia.it\/fr\/wp-json\/wp\/v2\/media\/12454"}],"wp:attachment":[{"href":"https:\/\/www.miamedicalitalia.it\/fr\/wp-json\/wp\/v2\/media?parent=9455"}],"wp:term":[{"taxonomy":"home-category","embeddable":true,"href":"https:\/\/www.miamedicalitalia.it\/fr\/wp-json\/wp\/v2\/home-category?post=9455"},{"taxonomy":"product_brand","embeddable":true,"href":"https:\/\/www.miamedicalitalia.it\/fr\/wp-json\/wp\/v2\/product_brand?post=9455"},{"taxonomy":"product_cat","embeddable":true,"href":"https:\/\/www.miamedicalitalia.it\/fr\/wp-json\/wp\/v2\/product_cat?post=9455"},{"taxonomy":"product_tag","embeddable":true,"href":"https:\/\/www.miamedicalitalia.it\/fr\/wp-json\/wp\/v2\/product_tag?post=9455"},{"taxonomy":"woo-feed-brand","embeddable":true,"href":"https:\/\/www.miamedicalitalia.it\/fr\/wp-json\/wp\/v2\/woo-feed-brand?post=9455"}],"curies":[{"name":"wp","href":"https:\/\/api.w.org\/{rel}","templated":true}]}}