{"id":11575,"date":"2023-08-21T10:59:43","date_gmt":"2023-08-21T08:59:43","guid":{"rendered":"https:\/\/www.miamedicalitalia.it\/?page_id=11575"},"modified":"2024-03-09T11:05:14","modified_gmt":"2024-03-09T09:05:14","slug":"trattamento-dei-dati-mia-medical","status":"publish","type":"page","link":"https:\/\/www.miamedicalitalia.it\/fr\/trattamento-dei-dati-mia-medical\/","title":{"rendered":"Traitement des donn\u00e9es Mia Medical"},"content":{"rendered":"<h2 class=\"wp-block-heading\" id=\"h-consenso-al-trattamento-dei-dati-personali-art-9-regolamento-ue-2016679\">Consentement au traitement des donn\u00e9es personnelles Art. 9 R\u00e8glement (UE) 2016679<\/h2>\n\n\n\n<p><strong>R\u00e8glement (UE) 2016679 <\/strong>pr\u00e9voit la protection des personnes et d'autres sujets en ce qui concerne le traitement des donn\u00e9es \u00e0 caract\u00e8re personnel. Ce traitement sera fond\u00e9 sur les principes d'exactitude, de lic\u00e9it\u00e9 et de transparence, en prot\u00e9geant votre confidentialit\u00e9 et vos droits. Conform\u00e9ment aux articles 12, 13 et 14 de la <strong>R\u00e8glement (UE) 2016679 <\/strong>Les informations suivantes sont donc fournies :<\/p>\n\n\n\n<ol class=\"wp-block-list\">\n<li>Les donn\u00e9es que vous fournissez seront trait\u00e9es au moyen d'un syst\u00e8me informatis\u00e9 et\/ou sur papier aux fins suivantes : <strong>Location de mat\u00e9riel m\u00e9dical, <\/strong>et seront conserv\u00e9s jusqu'\u00e0 la fin de la th\u00e9rapie, ainsi qu'\u00e0 des fins fiscales ;<\/li>\n\n\n\n<li>La fourniture de donn\u00e9es est obligatoire :<\/li>\n\n\n\n<li>Le contr\u00f4leur des donn\u00e9es est Mia Medicali Italia srl ;<\/li>\n\n\n\n<li>Le contr\u00f4leur des donn\u00e9es est Ingrid Stefanazzi ;<\/li>\n\n\n\n<li>Vous pouvez nous contacter pour faire valoir vos droits, c'est-\u00e0-dire le droit de retrait, de rectification, d'annulation et de limitation de vos donn\u00e9es personnelles, la mani\u00e8re d'exercer vos droits et le droit \u00e0 un retour d'information ; <strong>(Arts.15.16.17 et 18). <\/strong><\/li>\n\n\n\n<li><strong>Je d\u00e9clare avoir compris les informations fournies conform\u00e9ment \u00e0 l'article 9 du r\u00e8glement (UE) 2016\/679 et je consens au traitement de mes donn\u00e9es \u00e0 caract\u00e8re personnel, y compris les donn\u00e9es de sant\u00e9, aux fins indiqu\u00e9es ci-dessus. <\/strong><\/li>\n<\/ol>\n\n\n\n<p>Le contrat de location est conclu entre MIA MEDICAL ITALIA Srl dont le si\u00e8ge est \u00e0 Rome, Via del Casale della Caccia, 116 00128 P. iva 16028971006 - REA RM.1629778 et la personne qui remplit \u00e9lectroniquement le formulaire ci-dessous :<\/p>\n\n\n\n<p>N.B. L'EXP\u00c9DITION DU MAT\u00c9RIEL \u00c9LECTROM\u00c9DICAL EST SUBORDONN\u00c9E \u00c0 LA CERTIFICATION DU PAIEMENT OU \u00c0 LA LIVRAISON CONTRE REMBOURSEMENT, LE CAS \u00c9CH\u00c9ANT.<\/p>\n\n\n\n<p><strong>BANQUE POPULAIRE DE SONDRIO <\/strong><\/p>\n\n\n\n<p>Succursale Via Cesare Pavese - Rome <strong>IBAN IT80R0569603211000011773X40 <\/strong>A l'ordre de MIA MEDICAL ITALIA SRL<\/p>\n\n\n\n<p>Politique de confidentialit\u00e9 de <strong>old.miamedicalitalia.it <\/strong><strong>(IT) <\/strong><\/p>\n\n\n\n<p>Cette application recueille certaines donn\u00e9es personnelles de ses utilisateurs.<\/p>\n\n\n\n<p>Ce document peut \u00eatre imprim\u00e9 en utilisant la commande d'impression dans les param\u00e8tres de n'importe quel navigateur.<\/p>\n\n\n\n<p><strong>Contr\u00f4leur des donn\u00e9es <\/strong><\/p>\n\n\n\n<p>MIA MEDICAL ITALALIA srl - Location et vente d'\u00e9quipements \u00e9lectrom\u00e9dicaux Via del Casale della Caccia, 116 00128 - Rome<\/p>\n\n\n\n<p><strong>Adresse \u00e9lectronique du titulaire : <\/strong>info@mia,medicalitalia.it<\/p>\n\n\n\n<p><strong>Types de donn\u00e9es collect\u00e9es <\/strong><\/p>\n\n\n\n<p>Parmi les Donn\u00e9es Personnelles collect\u00e9es par cette Application, de mani\u00e8re ind\u00e9pendante ou par l'interm\u00e9diaire de tiers, figurent : Cookie ; Donn\u00e9es d'utilisation ; pr\u00e9nom ; nom ; num\u00e9ro de t\u00e9l\u00e9phone ; email ; ville ; adresse ; province ; code postal ; divers types de Donn\u00e9es ; Code fiscal.<\/p>\n\n\n\n<p>Des d\u00e9tails complets sur chaque type de donn\u00e9es collect\u00e9es sont fournis dans les sections correspondantes de la pr\u00e9sente politique de confidentialit\u00e9 ou au moyen de textes d'information sp\u00e9cifiques affich\u00e9s avant la collecte de ces donn\u00e9es. Les donn\u00e9es personnelles peuvent \u00eatre librement fournies par l'utilisateur ou, dans le cas des donn\u00e9es de l'utilisateur, collect\u00e9es<\/p>\n\n\n\n<p>automatiquement lors de l'utilisation de cette application. Sauf indication contraire, toutes les Donn\u00e9es demand\u00e9es par cette Application sont obligatoires. Si l'Utilisateur refuse de les communiquer, il peut \u00eatre impossible pour cette Application de fournir le Service. Dans les cas o\u00f9 cette Application indique certaines Donn\u00e9es comme \u00e9tant facultatives, les Utilisateurs sont libres de ne pas communiquer ces Donn\u00e9es, sans cons\u00e9quence sur la disponibilit\u00e9 du Service ou son fonctionnement. Les utilisateurs qui ont des doutes sur les donn\u00e9es obligatoires sont encourag\u00e9s \u00e0 contacter le responsable du traitement des donn\u00e9es. L'utilisation \u00e9ventuelle de cookies - ou d'autres outils de suivi - par cette application ou par les propri\u00e9taires de services tiers utilis\u00e9s par cette application, sauf indication contraire, a pour but de fournir le service demand\u00e9 par l'utilisateur, en plus des autres objectifs d\u00e9crits dans le pr\u00e9sent document et dans la politique en mati\u00e8re de cookies, le cas \u00e9ch\u00e9ant.<\/p>\n\n\n\n<p>L'Utilisateur assume la responsabilit\u00e9 des Donn\u00e9es Personnelles de tiers obtenues, publi\u00e9es ou partag\u00e9es par le biais de cette Application et garantit qu'il a le droit de les communiquer ou de les diffuser, en d\u00e9gageant le Propri\u00e9taire de toute responsabilit\u00e9 \u00e0 l'\u00e9gard des tiers.<\/p>\n\n\n\n<p><strong>M\u00e9thode et lieu de traitement des donn\u00e9es collect\u00e9es <\/strong><\/p>\n\n\n\n<p><strong>Modes de traitement <\/strong><\/p>\n\n\n\n<p>Le responsable du traitement prend les mesures de s\u00e9curit\u00e9 appropri\u00e9es pour emp\u00eacher l'acc\u00e8s non autoris\u00e9, la divulgation, la modification ou la destruction des donn\u00e9es personnelles. Le traitement est effectu\u00e9 \u00e0 l'aide d'instruments informatiques et\/ou t\u00e9l\u00e9matiques, avec des m\u00e9thodes d'organisation et des logiques strictement li\u00e9es aux finalit\u00e9s indiqu\u00e9es. Outre le Responsable du traitement, dans certains cas, d'autres sujets impliqu\u00e9s dans l'organisation de cette Application (administratifs, commerciaux, marketing, juridiques, administrateurs de syst\u00e8me) ou des sujets externes (tels que des prestataires de services techniques tiers, des courriers postaux, des fournisseurs d'h\u00e9bergement, des soci\u00e9t\u00e9s informatiques, des agences de communication) \u00e9galement d\u00e9sign\u00e9s, le cas \u00e9ch\u00e9ant, comme Responsables du traitement par le Responsable du traitement, peuvent avoir acc\u00e8s aux Donn\u00e9es. La liste actualis\u00e9e des responsables du traitement des donn\u00e9es peut toujours \u00eatre demand\u00e9e au responsable du traitement des donn\u00e9es.<\/p>\n\n\n\n<p><strong>Base juridique du traitement <\/strong><\/p>\n\n\n\n<p>Le contr\u00f4leur traite les donn\u00e9es personnelles relatives \u00e0 l'utilisateur si l'une des conditions suivantes est remplie :<\/p>\n\n\n\n<ul class=\"wp-block-list\">\n<li>l'utilisateur a donn\u00e9 son consentement pour un ou plusieurs objectifs sp\u00e9cifiques ; Remarque : dans certaines juridictions, le responsable du traitement peut \u00eatre autoris\u00e9 \u00e0 traiter les donn\u00e9es personnelles sans le consentement de l'utilisateur ou l'une des autres bases juridiques sp\u00e9cifi\u00e9es ci-dessous, jusqu'\u00e0 ce que l'utilisateur s'oppose (\"opt-out\") \u00e0 un tel traitement. Toutefois, cela ne s'applique pas lorsque le traitement des donn\u00e9es personnelles est r\u00e9gi par la l\u00e9gislation europ\u00e9enne sur la protection des donn\u00e9es personnelles ;<\/li>\n\n\n\n<li>le traitement est n\u00e9cessaire \u00e0 l'ex\u00e9cution d'un contrat avec l'utilisateur et\/ou \u00e0 l'ex\u00e9cution de mesures pr\u00e9contractuelles ;<\/li>\n\n\n\n<li>le traitement est n\u00e9cessaire pour respecter une obligation l\u00e9gale \u00e0 laquelle le contr\u00f4leur est soumis ;<\/li>\n\n\n\n<li>le traitement est n\u00e9cessaire \u00e0 l'ex\u00e9cution d'une t\u00e2che effectu\u00e9e dans l'int\u00e9r\u00eat public ou dans l'exercice de l'autorit\u00e9 publique dont est investi le responsable du traitement ;<\/li>\n\n\n\n<li>le traitement est n\u00e9cessaire \u00e0 la poursuite de l'int\u00e9r\u00eat l\u00e9gitime du responsable du traitement ou de tiers.<\/li>\n<\/ul>\n\n\n\n<p>Toutefois, il est toujours possible de demander au responsable du traitement de clarifier la base juridique concr\u00e8te de chaque op\u00e9ration de traitement et, en particulier, de pr\u00e9ciser si le traitement est fond\u00e9 sur la loi, exig\u00e9 par un contrat ou n\u00e9cessaire \u00e0 la conclusion d'un contrat.<\/p>\n\n\n\n<p><strong>Lieu <\/strong><\/p>\n\n\n\n<p>Les donn\u00e9es sont trait\u00e9es dans les locaux du contr\u00f4leur et dans tout autre lieu o\u00f9 se trouvent les parties impliqu\u00e9es dans le traitement. Pour de plus amples informations, veuillez contacter le responsable du traitement. Les donn\u00e9es personnelles de l'utilisateur peuvent \u00eatre transf\u00e9r\u00e9es vers un pays autre que celui o\u00f9 se trouve l'utilisateur. Pour plus d'informations sur le lieu du traitement, l'Utilisateur peut se r\u00e9f\u00e9rer \u00e0 la section sur les d\u00e9tails du traitement des donn\u00e9es personnelles.<\/p>\n\n\n\n<p>L'utilisateur a le droit d'obtenir des informations sur la base juridique du transfert de donn\u00e9es en dehors de l'Union europ\u00e9enne ou \u00e0 une organisation internationale de droit public ou compos\u00e9e de deux pays ou plus, telle que l'ONU, ainsi que sur les mesures de s\u00e9curit\u00e9 prises par le responsable du traitement des donn\u00e9es pour<\/p>\n\n\n\n<p>prot\u00e9ger les donn\u00e9es. L'utilisateur peut v\u00e9rifier si l'un des transferts d\u00e9crits ci-dessus a eu lieu en examinant la section du pr\u00e9sent document relative aux d\u00e9tails du traitement des donn\u00e9es \u00e0 caract\u00e8re personnel ou demander des informations au responsable du traitement en le contactant aux coordonn\u00e9es indiqu\u00e9es au d\u00e9but.<\/p>\n\n\n\n<p><strong>P\u00e9riode de conservation <\/strong><\/p>\n\n\n\n<p>Les donn\u00e9es sont trait\u00e9es et conserv\u00e9es pendant la dur\u00e9e n\u00e9cessaire aux finalit\u00e9s pour lesquelles elles ont \u00e9t\u00e9 collect\u00e9es.<\/p>\n\n\n\n<p>C'est pourquoi :<\/p>\n\n\n\n<ul class=\"wp-block-list\">\n<li>Les donn\u00e9es personnelles collect\u00e9es \u00e0 des fins li\u00e9es \u00e0 l'ex\u00e9cution d'un contrat entre le contr\u00f4leur et l'utilisateur seront conserv\u00e9es jusqu'\u00e0 la fin de l'ex\u00e9cution de ce contrat.<\/li>\n\n\n\n<li>Les donn\u00e9es personnelles collect\u00e9es \u00e0 des fins li\u00e9es \u00e0 l'int\u00e9r\u00eat l\u00e9gitime du responsable du traitement seront conserv\u00e9es jusqu'\u00e0 ce que cet int\u00e9r\u00eat soit satisfait. L'utilisateur peut obtenir de plus amples informations concernant l'int\u00e9r\u00eat l\u00e9gitime poursuivi par le responsable du traitement dans les sections pertinentes du pr\u00e9sent document ou en contactant le responsable du traitement.<\/li>\n<\/ul>\n\n\n\n<p>Lorsque le traitement est bas\u00e9 sur le consentement de l'utilisateur, le contr\u00f4leur peut conserver les donn\u00e9es personnelles pendant une p\u00e9riode plus longue jusqu'\u00e0 ce que ce consentement soit r\u00e9voqu\u00e9. En outre, le contr\u00f4leur peut \u00eatre oblig\u00e9 de conserver les donn\u00e9es personnelles pendant une p\u00e9riode plus longue pour se conformer \u00e0 une obligation l\u00e9gale ou sur ordre d'une autorit\u00e9. \u00c0 la fin de la p\u00e9riode de conservation, les donn\u00e9es personnelles seront supprim\u00e9es. Par cons\u00e9quent, \u00e0 la fin de cette p\u00e9riode, le droit d'acc\u00e8s, d'effacement, de rectification et le droit \u00e0 la portabilit\u00e9 des donn\u00e9es ne peuvent plus \u00eatre exerc\u00e9s.<\/p>\n\n\n\n<p><strong>Finalit\u00e9s du traitement des donn\u00e9es <\/strong><\/p>\n\n\n\n<p>Les donn\u00e9es de l'utilisateur sont collect\u00e9es pour permettre au contr\u00f4leur de fournir le service, de se conformer aux obligations l\u00e9gales, de r\u00e9pondre aux demandes ou aux mesures d'ex\u00e9cution, de prot\u00e9ger ses droits et int\u00e9r\u00eats (ou ceux des utilisateurs ou des tiers), de d\u00e9tecter toute activit\u00e9 malveillante ou frauduleuse, ainsi qu'aux fins suivantes : statistiques, contact avec l'utilisateur, affichage de contenu provenant de plates-formes externes et services de plate-forme et d'h\u00e9bergement.<\/p>\n\n\n\n<p>Pour obtenir des informations d\u00e9taill\u00e9es sur les finalit\u00e9s du traitement et les donn\u00e9es \u00e0 caract\u00e8re personnel trait\u00e9es pour chaque finalit\u00e9, l'utilisateur peut se r\u00e9f\u00e9rer \u00e0 la section \"D\u00e9tails du traitement des donn\u00e9es \u00e0 caract\u00e8re personnel\".<\/p>\n\n\n\n<p><strong>D\u00e9tails du traitement des donn\u00e9es personnelles <\/strong><\/p>\n\n\n\n<p>Les donn\u00e9es \u00e0 caract\u00e8re personnel sont collect\u00e9es aux fins suivantes et en utilisant les services suivants :<\/p>\n\n\n\n<ul class=\"wp-block-list\">\n<li><strong>Contacter l'utilisateur <\/strong><\/li>\n<\/ul>\n\n\n\n<p><strong>Formulaire de contact (cette application) <\/strong><\/p>\n\n\n\n<p>En remplissant le formulaire de contact avec ses donn\u00e9es, l'utilisateur consent \u00e0 l'utilisation de ces donn\u00e9es pour r\u00e9pondre aux demandes d'information, de devis ou de toute autre nature indiqu\u00e9e dans l'en-t\u00eate du formulaire.<\/p>\n\n\n\n<p>Donn\u00e9es personnelles trait\u00e9es : Code postal ; ville ; code fiscal ; nom de famille ; e-mail ; adresse ; pr\u00e9nom ; num\u00e9ro de t\u00e9l\u00e9phone ; province ; divers types de donn\u00e9es.<\/p>\n\n\n\n<ul class=\"wp-block-list\">\n<li><strong>Plateforme et services d'h\u00e9bergement <\/strong><\/li>\n<\/ul>\n\n\n\n<p>Ces services sont destin\u00e9s \u00e0 h\u00e9berger et \u00e0 exploiter des \u00e9l\u00e9ments cl\u00e9s de cette application, ce qui permet de fournir cette application \u00e0 partir d'une plate-forme unique. Ces plateformes fournissent au Propri\u00e9taire une large gamme d'outils tels que, par exemple, des outils analytiques, des outils de gestion de l'enregistrement des utilisateurs, de gestion des commentaires et de la base de donn\u00e9es, de commerce \u00e9lectronique, de traitement des paiements, etc. L'utilisation de ces outils implique la collecte et le traitement de donn\u00e9es personnelles. L'utilisation de ces outils implique la collecte et le traitement de donn\u00e9es \u00e0 caract\u00e8re personnel. Certains de ces services fonctionnent par l'interm\u00e9diaire de serveurs situ\u00e9s g\u00e9ographiquement \u00e0 diff\u00e9rents endroits, ce qui rend difficile la d\u00e9termination de l'emplacement exact o\u00f9 les donn\u00e9es \u00e0 caract\u00e8re personnel sont stock\u00e9es.<\/p>\n\n\n\n<p><strong>WordPress.com (Automattic Inc.) <\/strong><\/p>\n\n\n\n<p>WordPress.com est une plateforme fournie par Automattic Inc. qui permet au Propri\u00e9taire de d\u00e9velopper, d'exploiter et d'h\u00e9berger cette Application.<\/p>\n\n\n\n<p>Donn\u00e9es \u00e0 caract\u00e8re personnel trait\u00e9es : divers types de donn\u00e9es tels que sp\u00e9cifi\u00e9s dans la politique de confidentialit\u00e9 du service.<\/p>\n\n\n\n<p>Lieu de traitement : \u00c9tats-Unis - Politique de confidentialit\u00e9.<\/p>\n\n\n\n<ul class=\"wp-block-list\">\n<li><strong>Statistiques <\/strong><\/li>\n<\/ul>\n\n\n\n<p>Les services contenus dans cette section permettent au contr\u00f4leur des donn\u00e9es de surveiller et d'analyser les donn\u00e9es relatives au trafic et servent \u00e0 suivre le comportement de l'utilisateur.<\/p>\n\n\n\n<p><strong>Google Analytics (Google Ireland Limited) <\/strong><\/p>\n\n\n\n<p>Google Analytics est un service d'analyse du Web fourni par Google Ireland Limited (\"Google\"). Google utilise les Donn\u00e9es Personnelles collect\u00e9es afin de suivre et d'examiner l'utilisation de cette Application, de compiler des rapports et de les partager avec d'autres services d\u00e9velopp\u00e9s par Google. Google peut utiliser les Donn\u00e9es Personnelles pour contextualiser et personnaliser les publicit\u00e9s de son r\u00e9seau publicitaire.<\/p>\n\n\n\n<p>Donn\u00e9es personnelles trait\u00e9es : Cookies ; donn\u00e9es d'utilisation.<\/p>\n\n\n\n<p>Lieu de traitement : Irlande - Politique de confidentialit\u00e9.<\/p>\n\n\n\n<p><strong>Suivi des conversions dans Google Ads (Google Ireland Limited) <\/strong><\/p>\n\n\n\n<p>Le suivi des conversions Google Ads est un service de statistiques fourni par Google Ireland Limited qui associe les donn\u00e9es du r\u00e9seau publicitaire Google Ads aux actions effectu\u00e9es dans le cadre de cette application.<\/p>\n\n\n\n<p>Donn\u00e9es personnelles trait\u00e9es : Cookies ; donn\u00e9es d'utilisation.<\/p>\n\n\n\n<p>Lieu de traitement : Irlande - Politique de confidentialit\u00e9.<\/p>\n\n\n\n<ul class=\"wp-block-list\">\n<li><strong>Affichage de contenu provenant de plateformes externes <\/strong><\/li>\n<\/ul>\n\n\n\n<p>Ce type de service permet d'afficher des contenus h\u00e9berg\u00e9s sur des plateformes externes directement \u00e0 partir des pages de cette Application et d'interagir avec eux. Ce type de service peut n\u00e9anmoins collecter des donn\u00e9es sur le trafic web li\u00e9 aux pages o\u00f9 le service est install\u00e9, m\u00eame lorsque les utilisateurs ne l'utilisent pas.<\/p>\n\n\n\n<p><strong>Font Awesome (Fonticons, Inc.) <\/strong><\/p>\n\n\n\n<p>Font Awesome est un service d'affichage de styles de polices exploit\u00e9 par Fonticons, Inc. qui permet \u00e0 cette application d'int\u00e9grer un tel contenu dans ses pages.<\/p>\n\n\n\n<p>Donn\u00e9es personnelles trait\u00e9es : Donn\u00e9es d'utilisation.<\/p>\n\n\n\n<p>Lieu de traitement : \u00c9tats-Unis - Politique de confidentialit\u00e9.<\/p>\n\n\n\n<p><strong>Droits de l'utilisateur <\/strong><\/p>\n\n\n\n<p>Les utilisateurs peuvent exercer certains droits concernant les donn\u00e9es trait\u00e9es par le contr\u00f4leur des donn\u00e9es.<\/p>\n\n\n\n<p>En particulier, l'utilisateur a le droit de :<\/p>\n\n\n\n<ul class=\"wp-block-list\">\n<li><strong>retirer son consentement \u00e0 tout moment. <\/strong>L'utilisateur peut r\u00e9voquer le consentement qu'il a pr\u00e9c\u00e9demment exprim\u00e9 pour le traitement de ses donn\u00e9es personnelles.<\/li>\n\n\n\n<li><strong>s'opposer au traitement de leurs donn\u00e9es. <\/strong>Vous pouvez vous opposer au traitement de vos donn\u00e9es lorsque celui-ci repose sur une base juridique autre que le consentement. Pour plus de d\u00e9tails sur le droit d'opposition, voir la section ci-dessous.<\/li>\n\n\n\n<li><strong>l'acc\u00e8s \u00e0 leurs donn\u00e9es. <\/strong>L'utilisateur a le droit d'obtenir des informations sur les donn\u00e9es trait\u00e9es par le contr\u00f4leur, sur certains aspects du traitement et de recevoir une copie des donn\u00e9es trait\u00e9es.<\/li>\n\n\n\n<li><strong>v\u00e9rifier et demander la rectification. <\/strong>L'utilisateur peut v\u00e9rifier l'exactitude de ses donn\u00e9es et demander qu'elles soient mises \u00e0 jour ou corrig\u00e9es.<\/li>\n<\/ul>\n\n\n\n<ul class=\"wp-block-list\">\n<li><strong>obtenir la limitation du traitement. <\/strong>Lorsque certaines conditions sont r\u00e9unies, l'utilisateur peut demander la limitation du traitement de ses donn\u00e9es. Dans ce cas, le responsable du traitement ne traitera pas les donn\u00e9es \u00e0 d'autres fins que leur stockage.<\/li>\n\n\n\n<li><strong>obtenir la suppression ou le retrait de leurs donn\u00e9es \u00e0 caract\u00e8re personnel. <\/strong>Lorsque certaines conditions sont remplies, l'utilisateur peut demander la suppression de ses donn\u00e9es par le contr\u00f4leur.<\/li>\n\n\n\n<li><strong>recevoir leurs donn\u00e9es ou les faire transf\u00e9rer \u00e0 un autre responsable du traitement. <\/strong>L'utilisateur a le droit de recevoir ses donn\u00e9es dans un format structur\u00e9, couramment utilis\u00e9 et lisible par machine et, lorsque cela est techniquement possible, de les faire transf\u00e9rer sans entrave \u00e0 un autre responsable du traitement. Cette disposition s'applique lorsque les donn\u00e9es sont trait\u00e9es de mani\u00e8re automatis\u00e9e et que le traitement est fond\u00e9 sur le consentement de l'utilisateur, sur un contrat auquel l'utilisateur est partie ou sur des mesures contractuelles connexes.<\/li>\n\n\n\n<li><strong>d\u00e9poser une plainte. <\/strong>L'utilisateur peut d\u00e9poser une plainte aupr\u00e8s de l'autorit\u00e9 de contr\u00f4le comp\u00e9tente en mati\u00e8re de protection des donn\u00e9es ou intenter une action en justice.<\/li>\n<\/ul>\n\n\n\n<p><strong>D\u00e9tails sur le droit d'opposition <\/strong><\/p>\n\n\n\n<p>Lorsque les donn\u00e9es personnelles sont trait\u00e9es dans l'int\u00e9r\u00eat public, dans l'exercice de l'autorit\u00e9 publique dont est investi le responsable du traitement ou dans la poursuite d'un int\u00e9r\u00eat l\u00e9gitime du responsable du traitement, les utilisateurs ont le droit de s'opposer au traitement pour des raisons li\u00e9es \u00e0 leur situation particuli\u00e8re.<\/p>\n\n\n\n<p>Les utilisateurs sont inform\u00e9s que, si leurs donn\u00e9es sont trait\u00e9es \u00e0 des fins de marketing direct, ils peuvent s'opposer au traitement sans donner de raison. Pour savoir si le contr\u00f4leur traite des donn\u00e9es \u00e0 des fins de marketing direct, les utilisateurs peuvent se r\u00e9f\u00e9rer aux sections correspondantes du pr\u00e9sent document.<\/p>\n\n\n\n<p><strong>Comment exercer ses droits <\/strong><\/p>\n\n\n\n<p>Afin d'exercer leurs droits, les utilisateurs peuvent adresser une demande aux coordonn\u00e9es du responsable du traitement indiqu\u00e9es dans le pr\u00e9sent document. Les demandes sont d\u00e9pos\u00e9es gratuitement et trait\u00e9es par le responsable du traitement dans les meilleurs d\u00e9lais, en tout \u00e9tat de cause dans un d\u00e9lai d'un mois.<\/p>\n\n\n\n<p><strong>Politique en mati\u00e8re de cookies <\/strong><\/p>\n\n\n\n<p>Cette application utilise des outils de suivi. Pour en savoir plus, l'utilisateur peut consulter la politique en mati\u00e8re de cookies.<\/p>\n\n\n\n<p><strong>Plus d'informations sur le traitement <\/strong><\/p>\n\n\n\n<p><strong>La d\u00e9fense au tribunal <\/strong><\/p>\n\n\n\n<p>Les donn\u00e9es personnelles de l'Utilisateur peuvent \u00eatre utilis\u00e9es par le Responsable du traitement dans le cadre d'une proc\u00e9dure judiciaire ou dans les phases pr\u00e9paratoires \u00e0 son \u00e9tablissement \u00e9ventuel pour la d\u00e9fense contre les abus dans l'utilisation de cette Application ou des Services connexes par l'Utilisateur. L'Utilisateur d\u00e9clare \u00eatre conscient que le Responsable du traitement des donn\u00e9es peut \u00eatre oblig\u00e9 de divulguer les donn\u00e9es sur ordre des autorit\u00e9s publiques.<\/p>\n\n\n\n<p><strong>Informations sp\u00e9cifiques <\/strong><\/p>\n\n\n\n<p>\u00c0 la demande de l'utilisateur, outre les informations contenues dans la pr\u00e9sente politique de confidentialit\u00e9, cette application peut fournir \u00e0 l'utilisateur des informations suppl\u00e9mentaires et contextuelles concernant des services sp\u00e9cifiques ou la collecte et le traitement des donn\u00e9es \u00e0 caract\u00e8re personnel.<\/p>\n\n\n\n<p><strong>Journaux et maintenance du syst\u00e8me <\/strong><\/p>\n\n\n\n<p>\u00c0 des fins d'exploitation et de maintenance, cette application et les services tiers qu'elle utilise peuvent collecter des journaux de syst\u00e8me, c'est-\u00e0-dire des fichiers qui enregistrent les interactions et qui peuvent \u00e9galement contenir des donn\u00e9es \u00e0 caract\u00e8re personnel, telles que l'adresse IP de l'utilisateur.<\/p>\n\n\n\n<p><strong>Informations non contenues dans la pr\u00e9sente politique <\/strong><\/p>\n\n\n\n<p>De plus amples informations concernant le traitement des donn\u00e9es personnelles peuvent \u00eatre demand\u00e9es \u00e0 tout moment au contr\u00f4leur des donn\u00e9es en utilisant les coordonn\u00e9es de contact.<\/p>\n\n\n\n<p><strong>R\u00e9pondre aux demandes de \"Ne pas suivre\" (Do Not Track) <\/strong><\/p>\n\n\n\n<p>Cette application ne prend pas en charge les demandes de \"Do Not Track\". Pour savoir si les services tiers utilis\u00e9s les prennent en charge, l'utilisateur est invit\u00e9 \u00e0 consulter leurs politiques de confidentialit\u00e9 respectives.<\/p>\n\n\n\n<p><strong>Modifications de la pr\u00e9sente politique de confidentialit\u00e9 <\/strong><\/p>\n\n\n\n<p>Le responsable du traitement des donn\u00e9es se r\u00e9serve le droit de modifier \u00e0 tout moment la pr\u00e9sente politique de confidentialit\u00e9 en informant les utilisateurs sur cette page et, si possible, sur cette application, ainsi que, si cela est techniquement et l\u00e9galement possible, en envoyant une notification aux utilisateurs par le biais de l'une des coordonn\u00e9es dont il dispose. Par cons\u00e9quent, nous vous invitons \u00e0 consulter fr\u00e9quemment cette page, en vous r\u00e9f\u00e9rant \u00e0 la date de la derni\u00e8re modification indiqu\u00e9e en bas de page. Si les modifications affectent le traitement dont la base juridique est le consentement, le responsable du traitement recueillera \u00e0 nouveau le consentement de l'utilisateur, si n\u00e9cessaire.<\/p>\n\n\n\n<p><strong>D\u00e9finitions et r\u00e9f\u00e9rences juridiques <\/strong><\/p>\n\n\n\n<p><strong>Donn\u00e9es personnelles (ou donn\u00e9es) <\/strong><\/p>\n\n\n\n<p>Les donn\u00e9es \u00e0 caract\u00e8re personnel sont toutes les informations qui, directement ou indirectement, m\u00eame en conjonction avec d'autres informations, y compris un num\u00e9ro d'identification personnel, permettent d'identifier ou de reconna\u00eetre une personne physique.<\/p>\n\n\n\n<p><strong>Donn\u00e9es d'utilisation <\/strong><\/p>\n\n\n\n<p>Il s'agit des informations collect\u00e9es automatiquement par le biais de cette application (y compris par les applications de tiers int\u00e9gr\u00e9es dans cette application), notamment : les adresses IP ou les noms de domaine des ordinateurs utilis\u00e9s par l'utilisateur qui se connecte \u00e0 cette application, les adresses de notation URI (Uniform Resource Identifier), l'heure de la demande, la m\u00e9thode utilis\u00e9e pour transmettre la demande au serveur, la taille du fichier obtenu en r\u00e9ponse, le code num\u00e9rique indiquant l'\u00e9tat de la r\u00e9ponse du serveur (succ\u00e8s, erreur, etc.), le pays d'origine, les caract\u00e9ristiques du navigateur et du syst\u00e8me d'exploitation utilis\u00e9s par le visiteur, les diff\u00e9rentes connotations temporelles de la visite (par exemple, le temps pass\u00e9 sur chaque page) et les d\u00e9tails de l'itin\u00e9raire suivi par l'utilisateur.), le pays d'origine, les caract\u00e9ristiques du navigateur et du syst\u00e8me d'exploitation utilis\u00e9s par le visiteur, les diff\u00e9rentes connotations temporelles de la visite (par exemple le temps pass\u00e9 sur chaque page) et les d\u00e9tails de l'itin\u00e9raire suivi au sein de l'application, en particulier la s\u00e9quence des pages consult\u00e9es, les param\u00e8tres relatifs au syst\u00e8me d'exploitation et \u00e0 l'environnement informatique de l'utilisateur.<\/p>\n\n\n\n<p><strong>Utilisateur <\/strong><\/p>\n\n\n\n<p>La personne qui utilise cette application et qui, sauf indication contraire, est la personne concern\u00e9e.<\/p>\n\n\n\n<p><strong>Int\u00e9ress\u00e9 <\/strong><\/p>\n\n\n\n<p>La personne physique \u00e0 laquelle se r\u00e9f\u00e8rent les donn\u00e9es \u00e0 caract\u00e8re personnel.<\/p>\n\n\n\n<p><strong>Processeur (ou gestionnaire) <\/strong><\/p>\n\n\n\n<p>La personne physique, l'entit\u00e9 juridique, l'administration publique et toute autre entit\u00e9 qui traite des donn\u00e9es \u00e0 caract\u00e8re personnel pour le compte du contr\u00f4leur, comme indiqu\u00e9 dans la pr\u00e9sente politique de confidentialit\u00e9.<\/p>\n\n\n\n<p><strong>Contr\u00f4leur des donn\u00e9es (ou propri\u00e9taire) <\/strong><\/p>\n\n\n\n<p>La personne physique ou morale, l'autorit\u00e9 publique, le service ou tout autre organisme qui, individuellement ou conjointement avec d'autres, d\u00e9termine les finalit\u00e9s et les moyens du traitement des donn\u00e9es \u00e0 caract\u00e8re personnel et les instruments adopt\u00e9s, y compris les mesures de s\u00e9curit\u00e9 relatives au fonctionnement et \u00e0 l'utilisation de cette application. Le contr\u00f4leur des donn\u00e9es, sauf indication contraire, est le propri\u00e9taire de cette application.<\/p>\n\n\n\n<p><strong>Cette application <\/strong><\/p>\n\n\n\n<p>L'outil mat\u00e9riel ou logiciel par lequel les donn\u00e9es personnelles des utilisateurs sont collect\u00e9es et trait\u00e9es.<\/p>\n\n\n\n<p><strong>Service <\/strong><\/p>\n\n\n\n<p>Le service fourni par cette application, tel que d\u00e9fini dans les conditions pertinentes (le cas \u00e9ch\u00e9ant) sur ce site\/cette application.<\/p>\n\n\n\n<p><strong>Union europ\u00e9enne (ou UE) <\/strong><\/p>\n\n\n\n<p>Sauf indication contraire, toute r\u00e9f\u00e9rence \u00e0 l'Union europ\u00e9enne dans le pr\u00e9sent document est r\u00e9put\u00e9e s'\u00e9tendre \u00e0 tous les \u00c9tats membres actuels de l'Union europ\u00e9enne et de l'Espace \u00e9conomique europ\u00e9en.<\/p>\n\n\n\n<p><strong>Cookies <\/strong><\/p>\n\n\n\n<p>Les cookies sont des outils de suivi qui consistent en de petites portions de donn\u00e9es stock\u00e9es dans le navigateur de l'utilisateur.<\/p>\n\n\n\n<p><strong>Outil de suivi <\/strong><\/p>\n\n\n\n<p>Outil de suivi : toute technologie - par exemple les cookies, les identificateurs uniques, les pixels invisibles, les scripts int\u00e9gr\u00e9s, les \u00e9tiquettes \u00e9lectroniques et les empreintes digitales - qui permet de suivre les utilisateurs, par exemple en collectant ou en stockant des informations sur l'appareil de l'utilisateur.<\/p>\n\n\n\n<p><strong>R\u00e9f\u00e9rences juridiques <\/strong><\/p>\n\n\n\n<p>La pr\u00e9sente politique de confidentialit\u00e9 est \u00e9labor\u00e9e sur la base de multiples r\u00e9glementations l\u00e9gales, notamment les articles 13 et 14 du r\u00e8glement (UE) 2016\/679.<\/p>\n\n\n\n<p>Sauf indication contraire, la pr\u00e9sente politique de confidentialit\u00e9 concerne exclusivement cette application.<\/p>\n\n\n\n<p>Derni\u00e8re modification : 31 octobre 2022<\/p>\n\n\n\n<p>iubenda h\u00e9berge ce contenu et ne recueille que les donn\u00e9es personnelles strictement n\u00e9cessaires \u00e0 sa fourniture.<\/p>","protected":false},"excerpt":{"rendered":"<p>Consenso al trattamento dei dati personali Art. 9 regolamento (UE) 2016679 Il [&hellip;]<\/p>\n","protected":false},"author":3,"featured_media":0,"parent":0,"menu_order":105,"comment_status":"closed","ping_status":"closed","template":"","meta":{"_acf_changed":false,"footnotes":""},"class_list":["post-11575","page","type-page","status-publish","hentry"],"acf":[],"yoast_head":"<!-- This site is optimized with the Yoast SEO Premium plugin v27.5 (Yoast SEO v27.5) - https:\/\/yoast.com\/product\/yoast-seo-premium-wordpress\/ -->\n<title>Trattamento dei Dati - Mia Medical Italia<\/title>\n<meta name=\"description\" content=\"Il regolamento (UE) 2016679 prevede la tutela delle persone rispetto al trattamento dei dati personali. Sar\u00e0 improntato ai principi di correttezza, liceit\u00e0 e trasparenza\" \/>\n<meta name=\"robots\" content=\"index, follow, max-snippet:-1, max-image-preview:large, max-video-preview:-1\" \/>\n<link rel=\"canonical\" href=\"https:\/\/www.miamedicalitalia.it\/fr\/trattamento-dei-dati-mia-medical\/\" \/>\n<meta property=\"og:locale\" content=\"fr_FR\" \/>\n<meta property=\"og:type\" content=\"article\" \/>\n<meta property=\"og:title\" content=\"Trattamento dei Dati - Mia Medical Italia\" \/>\n<meta property=\"og:description\" content=\"Il regolamento (UE) 2016679 prevede la tutela delle persone rispetto al trattamento dei dati personali. Sar\u00e0 improntato ai principi di correttezza, liceit\u00e0 e trasparenza\" \/>\n<meta property=\"og:url\" content=\"https:\/\/www.miamedicalitalia.it\/fr\/trattamento-dei-dati-mia-medical\/\" \/>\n<meta property=\"og:site_name\" content=\"Mia Medical\" \/>\n<meta property=\"article:publisher\" content=\"https:\/\/www.facebook.com\/miamedicalitalia\" \/>\n<meta property=\"article:modified_time\" content=\"2024-03-09T09:05:14+00:00\" \/>\n<meta name=\"twitter:card\" content=\"summary_large_image\" \/>\n<meta name=\"twitter:label1\" content=\"Dur\u00e9e de lecture estim\u00e9e\" \/>\n\t<meta name=\"twitter:data1\" content=\"16 minutes\" \/>\n<script type=\"application\/ld+json\" class=\"yoast-schema-graph\">{\"@context\":\"https:\\\/\\\/schema.org\",\"@graph\":[{\"@type\":\"WebPage\",\"@id\":\"https:\\\/\\\/www.miamedicalitalia.it\\\/trattamento-dei-dati-mia-medical\\\/\",\"url\":\"https:\\\/\\\/www.miamedicalitalia.it\\\/trattamento-dei-dati-mia-medical\\\/\",\"name\":\"Trattamento dei Dati - Mia Medical Italia\",\"isPartOf\":{\"@id\":\"https:\\\/\\\/www.miamedicalitalia.it\\\/#website\"},\"datePublished\":\"2023-08-21T08:59:43+00:00\",\"dateModified\":\"2024-03-09T09:05:14+00:00\",\"description\":\"Il regolamento (UE) 2016679 prevede la tutela delle persone rispetto al trattamento dei dati personali. Sar\u00e0 improntato ai principi di correttezza, liceit\u00e0 e trasparenza\",\"breadcrumb\":{\"@id\":\"https:\\\/\\\/www.miamedicalitalia.it\\\/trattamento-dei-dati-mia-medical\\\/#breadcrumb\"},\"inLanguage\":\"fr-FR\",\"potentialAction\":[{\"@type\":\"ReadAction\",\"target\":[\"https:\\\/\\\/www.miamedicalitalia.it\\\/trattamento-dei-dati-mia-medical\\\/\"]}]},{\"@type\":\"BreadcrumbList\",\"@id\":\"https:\\\/\\\/www.miamedicalitalia.it\\\/trattamento-dei-dati-mia-medical\\\/#breadcrumb\",\"itemListElement\":[{\"@type\":\"ListItem\",\"position\":1,\"name\":\"Home\",\"item\":\"https:\\\/\\\/www.miamedicalitalia.it\\\/\"},{\"@type\":\"ListItem\",\"position\":2,\"name\":\"Trattamento dei Dati Mia Medical\"}]},{\"@type\":\"WebSite\",\"@id\":\"https:\\\/\\\/www.miamedicalitalia.it\\\/#website\",\"url\":\"https:\\\/\\\/www.miamedicalitalia.it\\\/\",\"name\":\"www.miamedicalitalia.it\",\"description\":\"Noleggio e Vendita Attrezzatura Sanitarie\",\"publisher\":{\"@id\":\"https:\\\/\\\/www.miamedicalitalia.it\\\/#organization\"},\"potentialAction\":[{\"@type\":\"SearchAction\",\"target\":{\"@type\":\"EntryPoint\",\"urlTemplate\":\"https:\\\/\\\/www.miamedicalitalia.it\\\/?s={search_term_string}\"},\"query-input\":{\"@type\":\"PropertyValueSpecification\",\"valueRequired\":true,\"valueName\":\"search_term_string\"}}],\"inLanguage\":\"fr-FR\"},{\"@type\":\"Organization\",\"@id\":\"https:\\\/\\\/www.miamedicalitalia.it\\\/#organization\",\"name\":\"OLG\",\"url\":\"https:\\\/\\\/www.miamedicalitalia.it\\\/\",\"logo\":{\"@type\":\"ImageObject\",\"inLanguage\":\"fr-FR\",\"@id\":\"https:\\\/\\\/www.miamedicalitalia.it\\\/#\\\/schema\\\/logo\\\/image\\\/\",\"url\":\"https:\\\/\\\/www.miamedicalitalia.it\\\/wp-content\\\/uploads\\\/2023\\\/04\\\/mia-medical-logo-free.png\",\"contentUrl\":\"https:\\\/\\\/www.miamedicalitalia.it\\\/wp-content\\\/uploads\\\/2023\\\/04\\\/mia-medical-logo-free.png\",\"width\":700,\"height\":700,\"caption\":\"OLG\"},\"image\":{\"@id\":\"https:\\\/\\\/www.miamedicalitalia.it\\\/#\\\/schema\\\/logo\\\/image\\\/\"},\"sameAs\":[\"https:\\\/\\\/www.facebook.com\\\/miamedicalitalia\"]}]}<\/script>\n<!-- \/ Yoast SEO Premium plugin. -->","yoast_head_json":{"title":"Traitement des donn\u00e9es - Mia Medical Italia","description":"Le r\u00e8glement (UE) 2016679 pr\u00e9voit la protection des personnes physiques \u00e0 l'\u00e9gard du traitement des donn\u00e9es \u00e0 caract\u00e8re personnel. Il sera fond\u00e9 sur les principes de loyaut\u00e9, de lic\u00e9it\u00e9 et de transparence","robots":{"index":"index","follow":"follow","max-snippet":"max-snippet:-1","max-image-preview":"max-image-preview:large","max-video-preview":"max-video-preview:-1"},"canonical":"https:\/\/www.miamedicalitalia.it\/fr\/trattamento-dei-dati-mia-medical\/","og_locale":"fr_FR","og_type":"article","og_title":"Trattamento dei Dati - Mia Medical Italia","og_description":"Il regolamento (UE) 2016679 prevede la tutela delle persone rispetto al trattamento dei dati personali. Sar\u00e0 improntato ai principi di correttezza, liceit\u00e0 e trasparenza","og_url":"https:\/\/www.miamedicalitalia.it\/fr\/trattamento-dei-dati-mia-medical\/","og_site_name":"Mia Medical","article_publisher":"https:\/\/www.facebook.com\/miamedicalitalia","article_modified_time":"2024-03-09T09:05:14+00:00","twitter_card":"summary_large_image","twitter_misc":{"Dur\u00e9e de lecture estim\u00e9e":"16 minutes"},"schema":{"@context":"https:\/\/schema.org","@graph":[{"@type":"WebPage","@id":"https:\/\/www.miamedicalitalia.it\/trattamento-dei-dati-mia-medical\/","url":"https:\/\/www.miamedicalitalia.it\/trattamento-dei-dati-mia-medical\/","name":"Traitement des donn\u00e9es - Mia Medical Italia","isPartOf":{"@id":"https:\/\/www.miamedicalitalia.it\/#website"},"datePublished":"2023-08-21T08:59:43+00:00","dateModified":"2024-03-09T09:05:14+00:00","description":"Le r\u00e8glement (UE) 2016679 pr\u00e9voit la protection des personnes physiques \u00e0 l'\u00e9gard du traitement des donn\u00e9es \u00e0 caract\u00e8re personnel. Il sera fond\u00e9 sur les principes de loyaut\u00e9, de lic\u00e9it\u00e9 et de transparence","breadcrumb":{"@id":"https:\/\/www.miamedicalitalia.it\/trattamento-dei-dati-mia-medical\/#breadcrumb"},"inLanguage":"fr-FR","potentialAction":[{"@type":"ReadAction","target":["https:\/\/www.miamedicalitalia.it\/trattamento-dei-dati-mia-medical\/"]}]},{"@type":"BreadcrumbList","@id":"https:\/\/www.miamedicalitalia.it\/trattamento-dei-dati-mia-medical\/#breadcrumb","itemListElement":[{"@type":"ListItem","position":1,"name":"Home","item":"https:\/\/www.miamedicalitalia.it\/"},{"@type":"ListItem","position":2,"name":"Trattamento dei Dati Mia Medical"}]},{"@type":"WebSite","@id":"https:\/\/www.miamedicalitalia.it\/#website","url":"https:\/\/www.miamedicalitalia.it\/","name":"www.miamedicalitalia.it","description":"Location et vente d'\u00e9quipements sanitaires","publisher":{"@id":"https:\/\/www.miamedicalitalia.it\/#organization"},"potentialAction":[{"@type":"SearchAction","target":{"@type":"EntryPoint","urlTemplate":"https:\/\/www.miamedicalitalia.it\/?s={search_term_string}"},"query-input":{"@type":"PropertyValueSpecification","valueRequired":true,"valueName":"search_term_string"}}],"inLanguage":"fr-FR"},{"@type":"Organization","@id":"https:\/\/www.miamedicalitalia.it\/#organization","name":"OLG","url":"https:\/\/www.miamedicalitalia.it\/","logo":{"@type":"ImageObject","inLanguage":"fr-FR","@id":"https:\/\/www.miamedicalitalia.it\/#\/schema\/logo\/image\/","url":"https:\/\/www.miamedicalitalia.it\/wp-content\/uploads\/2023\/04\/mia-medical-logo-free.png","contentUrl":"https:\/\/www.miamedicalitalia.it\/wp-content\/uploads\/2023\/04\/mia-medical-logo-free.png","width":700,"height":700,"caption":"OLG"},"image":{"@id":"https:\/\/www.miamedicalitalia.it\/#\/schema\/logo\/image\/"},"sameAs":["https:\/\/www.facebook.com\/miamedicalitalia"]}]}},"_links":{"self":[{"href":"https:\/\/www.miamedicalitalia.it\/fr\/wp-json\/wp\/v2\/pages\/11575","targetHints":{"allow":["GET"]}}],"collection":[{"href":"https:\/\/www.miamedicalitalia.it\/fr\/wp-json\/wp\/v2\/pages"}],"about":[{"href":"https:\/\/www.miamedicalitalia.it\/fr\/wp-json\/wp\/v2\/types\/page"}],"author":[{"embeddable":true,"href":"https:\/\/www.miamedicalitalia.it\/fr\/wp-json\/wp\/v2\/users\/3"}],"replies":[{"embeddable":true,"href":"https:\/\/www.miamedicalitalia.it\/fr\/wp-json\/wp\/v2\/comments?post=11575"}],"version-history":[{"count":0,"href":"https:\/\/www.miamedicalitalia.it\/fr\/wp-json\/wp\/v2\/pages\/11575\/revisions"}],"wp:attachment":[{"href":"https:\/\/www.miamedicalitalia.it\/fr\/wp-json\/wp\/v2\/media?parent=11575"}],"curies":[{"name":"wp","href":"https:\/\/api.w.org\/{rel}","templated":true}]}}